{"id":5872,"date":"2022-03-01T17:22:05","date_gmt":"2022-03-01T17:22:05","guid":{"rendered":"https:\/\/www.pflegedienst-hayat.de\/galeri\/"},"modified":"2022-03-16T17:57:12","modified_gmt":"2022-03-16T17:57:12","slug":"galeri-hayat-bakim-hzmetleri-nurnberg-furth","status":"publish","type":"page","link":"https:\/\/www.pflegedienst-hayat.de\/tr\/galeri-hayat-bakim-hzmetleri-nurnberg-furth\/","title":{"rendered":"Galeri"},"content":{"rendered":"        <div\n            class=\"spotlight-instagram-feed\"\n            data-feed-var=\"4adb5702\"\n            data-analytics=\"0\"\n            data-instance=\"5872\"\n        >\n        <\/div>\n        <input type=\"hidden\" id=\"sli__f__4adb5702\" data-json='{&quot;accounts&quot;:[5150],&quot;tagged&quot;:[],&quot;hashtags&quot;:[],&quot;template&quot;:276982,&quot;layout&quot;:&quot;grid&quot;,&quot;numColumns&quot;:{&quot;desktop&quot;:3,&quot;phone&quot;:1},&quot;highlightFreq&quot;:{&quot;desktop&quot;:7},&quot;sliderNumScrollPosts&quot;:{&quot;desktop&quot;:1},&quot;sliderInfinite&quot;:true,&quot;sliderLoop&quot;:false,&quot;sliderArrowPos&quot;:{&quot;desktop&quot;:&quot;inside&quot;},&quot;sliderArrowSize&quot;:{&quot;desktop&quot;:20},&quot;sliderArrowColor&quot;:{&quot;r&quot;:255,&quot;b&quot;:255,&quot;g&quot;:255,&quot;a&quot;:1},&quot;sliderArrowBgColor&quot;:{&quot;r&quot;:0,&quot;b&quot;:0,&quot;g&quot;:0,&quot;a&quot;:0.8},&quot;postOrder&quot;:&quot;date_desc&quot;,&quot;numPosts&quot;:{&quot;desktop&quot;:30},&quot;linkBehavior&quot;:{&quot;desktop&quot;:&quot;lightbox&quot;},&quot;feedWidth&quot;:{&quot;desktop&quot;:&quot;&quot;},&quot;feedHeight&quot;:{&quot;desktop&quot;:&quot;&quot;},&quot;feedPadding&quot;:{&quot;desktop&quot;:24,&quot;tablet&quot;:14,&quot;phone&quot;:10},&quot;imgPadding&quot;:{&quot;desktop&quot;:10,&quot;tablet&quot;:10,&quot;phone&quot;:6},&quot;textSize&quot;:{&quot;desktop&quot;:&quot;&quot;,&quot;tablet&quot;:&quot;&quot;,&quot;phone&quot;:&quot;&quot;},&quot;bgColor&quot;:{&quot;r&quot;:255,&quot;g&quot;:255,&quot;b&quot;:255,&quot;a&quot;:1},&quot;hoverInfo&quot;:[&quot;likes_comments&quot;,&quot;insta_link&quot;],&quot;textColorHover&quot;:{&quot;r&quot;:255,&quot;g&quot;:255,&quot;b&quot;:255,&quot;a&quot;:1},&quot;bgColorHover&quot;:{&quot;r&quot;:0,&quot;g&quot;:0,&quot;b&quot;:0,&quot;a&quot;:0.5},&quot;showHeader&quot;:{&quot;desktop&quot;:true},&quot;headerInfo&quot;:{&quot;desktop&quot;:[]},&quot;headerAccount&quot;:5,&quot;headerStyle&quot;:{&quot;desktop&quot;:&quot;normal&quot;,&quot;phone&quot;:&quot;normal&quot;},&quot;headerTextSize&quot;:{&quot;desktop&quot;:&quot;&quot;},&quot;headerPhotoSize&quot;:{&quot;desktop&quot;:50},&quot;headerTextColor&quot;:{&quot;r&quot;:0,&quot;g&quot;:0,&quot;b&quot;:0,&quot;a&quot;:1},&quot;headerBgColor&quot;:{&quot;r&quot;:255,&quot;g&quot;:255,&quot;b&quot;:255,&quot;a&quot;:0},&quot;headerPadding&quot;:{&quot;desktop&quot;:0,&quot;phone&quot;:0},&quot;customProfilePic&quot;:0,&quot;customBioText&quot;:&quot;&quot;,&quot;includeStories&quot;:false,&quot;storiesInterval&quot;:5,&quot;showCaptions&quot;:{&quot;desktop&quot;:false},&quot;captionMaxLength&quot;:{&quot;desktop&quot;:0},&quot;captionRemoveDots&quot;:false,&quot;captionSize&quot;:{&quot;desktop&quot;:0},&quot;captionColor&quot;:{&quot;r&quot;:0,&quot;g&quot;:0,&quot;b&quot;:0,&quot;a&quot;:1},&quot;showLikes&quot;:{&quot;desktop&quot;:false},&quot;showComments&quot;:{&quot;desktop&quot;:false},&quot;lcIconSize&quot;:{&quot;desktop&quot;:14},&quot;likesIconColor&quot;:{&quot;r&quot;:0,&quot;g&quot;:0,&quot;b&quot;:0,&quot;a&quot;:1},&quot;commentsIconColor&quot;:{&quot;r&quot;:0,&quot;g&quot;:0,&quot;b&quot;:0,&quot;a&quot;:1},&quot;lightboxShowSidebar&quot;:false,&quot;lightboxCtaStyle&quot;:&quot;link&quot;,&quot;lightboxCtaDesign&quot;:{&quot;text&quot;:{&quot;color&quot;:{&quot;r&quot;:0,&quot;g&quot;:0,&quot;b&quot;:0,&quot;a&quot;:1},&quot;align&quot;:&quot;center&quot;},&quot;bgColor&quot;:{&quot;r&quot;:230,&quot;g&quot;:230,&quot;b&quot;:230,&quot;a&quot;:1},&quot;border&quot;:{&quot;radius&quot;:3}},&quot;numLightboxComments&quot;:50,&quot;showLoadMoreBtn&quot;:{&quot;desktop&quot;:true},&quot;loadMoreBtnDesign&quot;:{&quot;text&quot;:{&quot;color&quot;:{&quot;r&quot;:255,&quot;g&quot;:255,&quot;b&quot;:255,&quot;a&quot;:1},&quot;align&quot;:&quot;center&quot;},&quot;border&quot;:{&quot;radius&quot;:3},&quot;bgColor&quot;:{&quot;r&quot;:37,&quot;g&quot;:166,&quot;b&quot;:55,&quot;a&quot;:1},&quot;margin&quot;:{&quot;top&quot;:0,&quot;bottom&quot;:0,&quot;left&quot;:0,&quot;right&quot;:0},&quot;padding&quot;:{&quot;top&quot;:12,&quot;bottom&quot;:12,&quot;left&quot;:12,&quot;right&quot;:12},&quot;onHover&quot;:{&quot;text&quot;:{&quot;color&quot;:{&quot;r&quot;:255,&quot;g&quot;:255,&quot;b&quot;:255,&quot;a&quot;:1}},&quot;bgColor&quot;:{&quot;r&quot;:41,&quot;g&quot;:167,&quot;b&quot;:210,&quot;a&quot;:1}}},&quot;loadMoreBtnText&quot;:&quot;Mehr ...&quot;,&quot;loadMoreBtnScroll&quot;:false,&quot;autoload&quot;:false,&quot;showFollowBtn&quot;:{&quot;desktop&quot;:true},&quot;followBtnText&quot;:&quot;Follow on Instagram&quot;,&quot;followBtnDesign&quot;:{&quot;text&quot;:{&quot;color&quot;:{&quot;r&quot;:255,&quot;g&quot;:255,&quot;b&quot;:255,&quot;a&quot;:1},&quot;align&quot;:&quot;center&quot;},&quot;border&quot;:{&quot;radius&quot;:3},&quot;bgColor&quot;:{&quot;r&quot;:37,&quot;g&quot;:166,&quot;b&quot;:55,&quot;a&quot;:1},&quot;margin&quot;:{&quot;top&quot;:0,&quot;bottom&quot;:0,&quot;left&quot;:0,&quot;right&quot;:0},&quot;padding&quot;:{&quot;top&quot;:12,&quot;bottom&quot;:12,&quot;left&quot;:12,&quot;right&quot;:12},&quot;onHover&quot;:{&quot;text&quot;:{&quot;color&quot;:{&quot;r&quot;:255,&quot;g&quot;:255,&quot;b&quot;:255,&quot;a&quot;:1}},&quot;bgColor&quot;:{&quot;r&quot;:35,&quot;g&quot;:142,&quot;b&quot;:181,&quot;a&quot;:1}}},&quot;followBtnLocation&quot;:{&quot;desktop&quot;:&quot;header&quot;,&quot;phone&quot;:&quot;bottom&quot;},&quot;mediaType&quot;:&quot;all&quot;,&quot;hashtagWhitelist&quot;:[],&quot;hashtagBlacklist&quot;:[],&quot;captionWhitelist&quot;:[],&quot;captionBlacklist&quot;:[],&quot;hashtagWhitelistSettings&quot;:true,&quot;hashtagBlacklistSettings&quot;:true,&quot;captionWhitelistSettings&quot;:true,&quot;captionBlacklistSettings&quot;:true,&quot;moderation&quot;:[],&quot;moderationMode&quot;:&quot;blacklist&quot;,&quot;promosVersion&quot;:2,&quot;promosEnabled&quot;:true,&quot;globalPromosEnabled&quot;:true,&quot;autoPromosEnabled&quot;:true,&quot;promoOverrides&quot;:[],&quot;feedPromo&quot;:{&quot;linkSource&quot;:{&quot;type&quot;:null},&quot;linkBehavior&quot;:{&quot;openNewTab&quot;:false,&quot;showPopupBox&quot;:false},&quot;linkText&quot;:&quot;&quot;}}' \/>\n        <input type=\"hidden\" id=\"sli__a__4adb5702\" data-json='[{&quot;id&quot;:5150,&quot;type&quot;:&quot;PERSONAL&quot;,&quot;userId&quot;:&quot;5150966381581013&quot;,&quot;username&quot;:&quot;_hayatpflegedienst&quot;,&quot;bio&quot;:&quot;&quot;,&quot;customBio&quot;:&quot;&quot;,&quot;profilePicUrl&quot;:&quot;&quot;,&quot;customProfilePicUrl&quot;:&quot;&quot;,&quot;mediaCount&quot;:&quot;452&quot;,&quot;followersCount&quot;:&quot;0&quot;,&quot;usages&quot;:[],&quot;creationDate&quot;:&quot;2022-03-01 17:33:00&quot;}]' \/>\n        <input type=\"hidden\" id=\"sli__m__4adb5702\" data-json='[]' \/>\n        \n","protected":false},"excerpt":{"rendered":"","protected":false},"author":1,"featured_media":0,"parent":0,"menu_order":0,"comment_status":"closed","ping_status":"closed","template":"","meta":{"footnotes":""},"class_list":["post-5872","page","type-page","status-publish","hentry"],"yoast_head":"<!-- This site is optimized with the Yoast SEO plugin v27.5 - https:\/\/yoast.com\/product\/yoast-seo-wordpress\/ -->\n<title>Galeri &#8211; Hayat Ambulanter Pflegedienst und Tagesst\u00e4tte<\/title>\n<meta name=\"robots\" content=\"index, follow, max-snippet:-1, max-image-preview:large, max-video-preview:-1\" \/>\n<link rel=\"canonical\" href=\"https:\/\/www.pflegedienst-hayat.de\/tr\/galeri-hayat-bakim-hzmetleri-nurnberg-furth\/\" \/>\n<meta property=\"og:locale\" content=\"tr_TR\" \/>\n<meta property=\"og:type\" content=\"article\" \/>\n<meta property=\"og:title\" content=\"Galeri &#8211; Hayat Ambulanter Pflegedienst und Tagesst\u00e4tte\" \/>\n<meta property=\"og:url\" content=\"https:\/\/www.pflegedienst-hayat.de\/tr\/galeri-hayat-bakim-hzmetleri-nurnberg-furth\/\" \/>\n<meta property=\"og:site_name\" content=\"Hayat Ambulanter Pflegedienst und Tagesst\u00e4tte\" \/>\n<meta property=\"article:modified_time\" content=\"2022-03-16T17:57:12+00:00\" \/>\n<meta name=\"twitter:card\" content=\"summary_large_image\" \/>\n<script type=\"application\/ld+json\" class=\"yoast-schema-graph\">{\"@context\":\"https:\\\/\\\/schema.org\",\"@graph\":[{\"@type\":\"WebPage\",\"@id\":\"https:\\\/\\\/www.pflegedienst-hayat.de\\\/tr\\\/galeri-hayat-bakim-hzmetleri-nurnberg-furth\\\/\",\"url\":\"https:\\\/\\\/www.pflegedienst-hayat.de\\\/tr\\\/galeri-hayat-bakim-hzmetleri-nurnberg-furth\\\/\",\"name\":\"Galeri &#8211; Hayat Ambulanter Pflegedienst und Tagesst\u00e4tte\",\"isPartOf\":{\"@id\":\"https:\\\/\\\/www.pflegedienst-hayat.de\\\/#website\"},\"datePublished\":\"2022-03-01T17:22:05+00:00\",\"dateModified\":\"2022-03-16T17:57:12+00:00\",\"breadcrumb\":{\"@id\":\"https:\\\/\\\/www.pflegedienst-hayat.de\\\/tr\\\/galeri-hayat-bakim-hzmetleri-nurnberg-furth\\\/#breadcrumb\"},\"inLanguage\":\"tr\",\"potentialAction\":[{\"@type\":\"ReadAction\",\"target\":[\"https:\\\/\\\/www.pflegedienst-hayat.de\\\/tr\\\/galeri-hayat-bakim-hzmetleri-nurnberg-furth\\\/\"]}]},{\"@type\":\"BreadcrumbList\",\"@id\":\"https:\\\/\\\/www.pflegedienst-hayat.de\\\/tr\\\/galeri-hayat-bakim-hzmetleri-nurnberg-furth\\\/#breadcrumb\",\"itemListElement\":[{\"@type\":\"ListItem\",\"position\":1,\"name\":\"Startseite\",\"item\":\"https:\\\/\\\/www.pflegedienst-hayat.de\\\/tr\\\/ana-sayfa\\\/\"},{\"@type\":\"ListItem\",\"position\":2,\"name\":\"Galeri\"}]},{\"@type\":\"WebSite\",\"@id\":\"https:\\\/\\\/www.pflegedienst-hayat.de\\\/#website\",\"url\":\"https:\\\/\\\/www.pflegedienst-hayat.de\\\/\",\"name\":\"Hayat Ambulanter Pflegedienst und Tagesst\u00e4tte\",\"description\":\"in N\u00fcrnberg und F\u00fcrth\",\"publisher\":{\"@id\":\"https:\\\/\\\/www.pflegedienst-hayat.de\\\/#organization\"},\"potentialAction\":[{\"@type\":\"SearchAction\",\"target\":{\"@type\":\"EntryPoint\",\"urlTemplate\":\"https:\\\/\\\/www.pflegedienst-hayat.de\\\/?s={search_term_string}\"},\"query-input\":{\"@type\":\"PropertyValueSpecification\",\"valueRequired\":true,\"valueName\":\"search_term_string\"}}],\"inLanguage\":\"tr\"},{\"@type\":\"Organization\",\"@id\":\"https:\\\/\\\/www.pflegedienst-hayat.de\\\/#organization\",\"name\":\"HAYAT \u2013 Ambulanter Pflegedienst und Tagesst\u00e4tte\",\"url\":\"https:\\\/\\\/www.pflegedienst-hayat.de\\\/\",\"logo\":{\"@type\":\"ImageObject\",\"inLanguage\":\"tr\",\"@id\":\"https:\\\/\\\/www.pflegedienst-hayat.de\\\/#\\\/schema\\\/logo\\\/image\\\/\",\"url\":\"https:\\\/\\\/www.pflegedienst-hayat.de\\\/wp-content\\\/uploads\\\/hayat-152.png\",\"contentUrl\":\"https:\\\/\\\/www.pflegedienst-hayat.de\\\/wp-content\\\/uploads\\\/hayat-152.png\",\"width\":152,\"height\":152,\"caption\":\"HAYAT \u2013 Ambulanter Pflegedienst und Tagesst\u00e4tte\"},\"image\":{\"@id\":\"https:\\\/\\\/www.pflegedienst-hayat.de\\\/#\\\/schema\\\/logo\\\/image\\\/\"}}]}<\/script>\n<!-- \/ Yoast SEO plugin. -->","yoast_head_json":{"title":"Galeri &#8211; Hayat Ambulanter Pflegedienst und Tagesst\u00e4tte","robots":{"index":"index","follow":"follow","max-snippet":"max-snippet:-1","max-image-preview":"max-image-preview:large","max-video-preview":"max-video-preview:-1"},"canonical":"https:\/\/www.pflegedienst-hayat.de\/tr\/galeri-hayat-bakim-hzmetleri-nurnberg-furth\/","og_locale":"tr_TR","og_type":"article","og_title":"Galeri &#8211; Hayat Ambulanter Pflegedienst und Tagesst\u00e4tte","og_url":"https:\/\/www.pflegedienst-hayat.de\/tr\/galeri-hayat-bakim-hzmetleri-nurnberg-furth\/","og_site_name":"Hayat Ambulanter Pflegedienst und Tagesst\u00e4tte","article_modified_time":"2022-03-16T17:57:12+00:00","twitter_card":"summary_large_image","schema":{"@context":"https:\/\/schema.org","@graph":[{"@type":"WebPage","@id":"https:\/\/www.pflegedienst-hayat.de\/tr\/galeri-hayat-bakim-hzmetleri-nurnberg-furth\/","url":"https:\/\/www.pflegedienst-hayat.de\/tr\/galeri-hayat-bakim-hzmetleri-nurnberg-furth\/","name":"Galeri &#8211; Hayat Ambulanter Pflegedienst und Tagesst\u00e4tte","isPartOf":{"@id":"https:\/\/www.pflegedienst-hayat.de\/#website"},"datePublished":"2022-03-01T17:22:05+00:00","dateModified":"2022-03-16T17:57:12+00:00","breadcrumb":{"@id":"https:\/\/www.pflegedienst-hayat.de\/tr\/galeri-hayat-bakim-hzmetleri-nurnberg-furth\/#breadcrumb"},"inLanguage":"tr","potentialAction":[{"@type":"ReadAction","target":["https:\/\/www.pflegedienst-hayat.de\/tr\/galeri-hayat-bakim-hzmetleri-nurnberg-furth\/"]}]},{"@type":"BreadcrumbList","@id":"https:\/\/www.pflegedienst-hayat.de\/tr\/galeri-hayat-bakim-hzmetleri-nurnberg-furth\/#breadcrumb","itemListElement":[{"@type":"ListItem","position":1,"name":"Startseite","item":"https:\/\/www.pflegedienst-hayat.de\/tr\/ana-sayfa\/"},{"@type":"ListItem","position":2,"name":"Galeri"}]},{"@type":"WebSite","@id":"https:\/\/www.pflegedienst-hayat.de\/#website","url":"https:\/\/www.pflegedienst-hayat.de\/","name":"Hayat Ambulanter Pflegedienst und Tagesst\u00e4tte","description":"in N\u00fcrnberg und F\u00fcrth","publisher":{"@id":"https:\/\/www.pflegedienst-hayat.de\/#organization"},"potentialAction":[{"@type":"SearchAction","target":{"@type":"EntryPoint","urlTemplate":"https:\/\/www.pflegedienst-hayat.de\/?s={search_term_string}"},"query-input":{"@type":"PropertyValueSpecification","valueRequired":true,"valueName":"search_term_string"}}],"inLanguage":"tr"},{"@type":"Organization","@id":"https:\/\/www.pflegedienst-hayat.de\/#organization","name":"HAYAT \u2013 Ambulanter Pflegedienst und Tagesst\u00e4tte","url":"https:\/\/www.pflegedienst-hayat.de\/","logo":{"@type":"ImageObject","inLanguage":"tr","@id":"https:\/\/www.pflegedienst-hayat.de\/#\/schema\/logo\/image\/","url":"https:\/\/www.pflegedienst-hayat.de\/wp-content\/uploads\/hayat-152.png","contentUrl":"https:\/\/www.pflegedienst-hayat.de\/wp-content\/uploads\/hayat-152.png","width":152,"height":152,"caption":"HAYAT \u2013 Ambulanter Pflegedienst und Tagesst\u00e4tte"},"image":{"@id":"https:\/\/www.pflegedienst-hayat.de\/#\/schema\/logo\/image\/"}}]}},"_links":{"self":[{"href":"https:\/\/www.pflegedienst-hayat.de\/tr\/wp-json\/wp\/v2\/pages\/5872","targetHints":{"allow":["GET"]}}],"collection":[{"href":"https:\/\/www.pflegedienst-hayat.de\/tr\/wp-json\/wp\/v2\/pages"}],"about":[{"href":"https:\/\/www.pflegedienst-hayat.de\/tr\/wp-json\/wp\/v2\/types\/page"}],"author":[{"embeddable":true,"href":"https:\/\/www.pflegedienst-hayat.de\/tr\/wp-json\/wp\/v2\/users\/1"}],"replies":[{"embeddable":true,"href":"https:\/\/www.pflegedienst-hayat.de\/tr\/wp-json\/wp\/v2\/comments?post=5872"}],"version-history":[{"count":1,"href":"https:\/\/www.pflegedienst-hayat.de\/tr\/wp-json\/wp\/v2\/pages\/5872\/revisions"}],"predecessor-version":[{"id":6175,"href":"https:\/\/www.pflegedienst-hayat.de\/tr\/wp-json\/wp\/v2\/pages\/5872\/revisions\/6175"}],"wp:attachment":[{"href":"https:\/\/www.pflegedienst-hayat.de\/tr\/wp-json\/wp\/v2\/media?parent=5872"}],"curies":[{"name":"wp","href":"https:\/\/api.w.org\/{rel}","templated":true}]}}